{"id":1815,"date":"2025-06-11T18:50:03","date_gmt":"2025-06-11T16:50:03","guid":{"rendered":"https:\/\/www.andresdiez.com\/avis-legal\/"},"modified":"2025-06-13T18:27:15","modified_gmt":"2025-06-13T16:27:15","slug":"avis-legal","status":"publish","type":"page","link":"https:\/\/www.andresdiez.com\/ca\/avis-legal\/","title":{"rendered":"Av\u00eds Legal"},"content":{"rendered":"\t\t<div data-elementor-type=\"wp-page\" data-elementor-id=\"1815\" class=\"elementor elementor-1815 elementor-1481\" data-elementor-post-type=\"page\">\n\t\t\t\t<div class=\"elementor-element elementor-element-1b60e50f e-flex e-con-boxed e-con e-parent\" data-id=\"1b60e50f\" data-element_type=\"container\" data-e-type=\"container\" data-settings=\"{&quot;background_background&quot;:&quot;classic&quot;,&quot;shape_divider_bottom&quot;:&quot;split&quot;,&quot;jet_parallax_layout_list&quot;:[]}\">\n\t\t\t\t\t<div class=\"e-con-inner\">\n\t\t\t\t<div class=\"elementor-shape elementor-shape-bottom\" aria-hidden=\"true\" data-negative=\"false\">\n\t\t\t<svg xmlns=\"http:\/\/www.w3.org\/2000\/svg\" viewBox=\"0 0 1000 20\" preserveAspectRatio=\"none\">\n\t<path class=\"elementor-shape-fill\" d=\"M0,0v3c0,0,393.8,0,483.4,0c9.2,0,16.6,7.4,16.6,16.6c0-9.1,7.4-16.6,16.6-16.6C606.2,3,1000,3,1000,3V0H0z\"\/>\n<\/svg>\t\t<\/div>\n\t\t\t\t<div class=\"elementor-element elementor-element-5e9fb63 elementor-widget elementor-widget-heading\" data-id=\"5e9fb63\" data-element_type=\"widget\" data-e-type=\"widget\" data-widget_type=\"heading.default\">\n\t\t\t\t<div class=\"elementor-widget-container\">\n\t\t\t\t\t<h1 class=\"elementor-heading-title elementor-size-default\">Av\u00eds legal i condicions generals d' \u00fas<\/h1>\t\t\t\t<\/div>\n\t\t\t\t<\/div>\n\t\t\t\t\t<\/div>\n\t\t\t\t<\/div>\n\t\t<div class=\"elementor-element elementor-element-760e52df e-flex e-con-boxed e-con e-parent\" data-id=\"760e52df\" data-element_type=\"container\" data-e-type=\"container\" data-settings=\"{&quot;jet_parallax_layout_list&quot;:[]}\">\n\t\t\t\t\t<div class=\"e-con-inner\">\n\t\t\t\t<div class=\"elementor-element elementor-element-a1f1c5a elementor-widget elementor-widget-text-editor\" data-id=\"a1f1c5a\" data-element_type=\"widget\" data-e-type=\"widget\" data-widget_type=\"text-editor.default\">\n\t\t\t\t<div class=\"elementor-widget-container\">\n\t\t\t\t\t\t\t\t\t<h4>I. INFORMACI\u00d3 GENERAL<\/h4><p>En compliment amb el deure d \u201cinformaci\u00f3 disposat en la Llei 34\/2002 de Serveis de la Societat de la Informaci\u00f3 i el Comer\u00e7 Electr\u00f2nic (LSSI-CE) d\u201d 11 de juliol, es faciliten a continuaci\u00f3 les seg\u00fcents dades d \u201cinformaci\u00f3 general d\u201d aquest lloc web:<\/p><p>La titularitat del lloc web <strong>andresdiez.com<\/strong>, (en endavant, Lloc Web) pertany a:<\/p><p>Nom i cognoms: ANDR\u00c9S D\u00cdEZ MORENO \u2013 PSIC\u00d2LEG COL. N\u00ba G-28223-COPC <\/p><p>Adre\u00e7a: C\/ OVIDI MONTLLOR MENGUAL N\u00ba 5, ESC. B 1r 1a 17310 LLORET DE MAR (Girona) <\/p><p>Tel\u00e8fon: 664043510<\/p><p>Correu electr\u00f2nic: andres@andrediez.com<\/p><h3>II. TERMES I CONDICIONS GENERALS D&#8217; \u00daS <\/h3><h4>L&#8217; OBJECTE DE LES CONDICIONS: EL LLOC WEB<\/h4><p>L&#8217;objecte de les presents Condicions Generals d&#8217;\u00das (en endavant, Condicions) \u00e9s regular l&#8217;acc\u00e9s i la utilitzaci\u00f3 del Lloc Web. Als efectes de les presents Condicions s&#8217;entendr\u00e0 com a Lloc Web: l&#8217;aparen\u00e7a externa dels interf\u00edcies de pantalla, tant de forma est\u00e0tica com de forma din\u00e0mica, \u00e9s a dir, l&#8217;arbre de navegaci\u00f3; i tots els elements integrats tant en els interf\u00edcies de pantalla com en l&#8217;arbre de navegaci\u00f3 (en endavant, Continguts) i tots aquells serveis o recursos en l\u00ednia que en el seu cas ofereixi als Usuaris (en endavant, Serveis). <\/p><p>Es reserva la facultat de modificar, en qualsevol moment, i sense av\u00eds previ, la presentaci\u00f3 i configuraci\u00f3 del Lloc Web i dels Continguts i Serveis que hi poguessin estar incorporats. L \u201cUsuari reconeix i accepta que en qualsevol moment pugui interrompre, desactivar i\/o cancel\u00b7lar qualsevol d\u201d aquests elements que s \u201cintegren en el Lloc Web o l\u201d acc\u00e9s als mateixos. <\/p><h4>L&#8217; USUARI<\/h4><p>L \u201cacc\u00e9s, la navegaci\u00f3 i \u00fas del Lloc Web, confereix la condici\u00f3 d\u201d Usuari, per la qual cosa s \u201caccepten, des que s\u201d inicia la navegaci\u00f3 pel Lloc Web, totes les Condicions aqu\u00ed establertes, aix\u00ed com les seves ulteriors modificacions, sense perjudici de l \u201caplicaci\u00f3 de la corresponent normativa legal d\u201d obligat compliment segons el cas. Donada la rellev\u00e0ncia de l \u201canterior, es recomana a l\u201d Usuari llegir-les cada vegada que visiti el Lloc Web. <\/p><p>El Lloc Web proporciona gran diversitat d&#8217;informaci\u00f3, serveis i dades. L&#8217;Usuari assumeix la seva responsabilitat per realitzar un \u00fas correcte del Lloc Web. Aquesta responsabilitat s&#8217; estendr\u00e0 a:  <\/p><p>Un \u00fas de la informaci\u00f3, Continguts i\/o Serveis i dades ofertes per sense que sigui contrari al que disposen les presents Condicions, la Llei, la moral o l&#8217;ordre p\u00fablic, o que de qualsevol altra manera puguin suposar lesi\u00f3 dels drets de tercers o del mateix funcionament del Lloc Web.<\/p><p>La veracitat i licitud de les informacions aportades per l&#8217;Usuari en els formularis estesos per per a l&#8217;acc\u00e9s a certs Continguts o Serveis oferts pel Lloc Web. En tot cas, l&#8217;Usuari notificar\u00e0 de forma immediata sobre qualsevol fet que permeti l&#8217;\u00fas indegut de la informaci\u00f3 registrada en aquests formularis, com ara, per\u00f2 no nom\u00e9s, el robatori, extraviament, o l&#8217;acc\u00e9s no autoritzat a identificadors i\/o contrasenyes, per tal de procedir a la seva immediata cancel\u00b7laci\u00f3. <\/p><p>El mer acc\u00e9s a aquest Lloc Web no suposa entaular cap tipus de relaci\u00f3 de car\u00e0cter comercial entre i l&#8217;Usuari.<\/p><p>III. ACC\u00c9S I NAVEGACI\u00d3 AL LLOC WEB: EXCLUSI\u00d3 DE GARANTIES I RESPONSABILITAT <\/p><p>No garanteix la continu\u00eftat, disponibilitat i utilitat del Lloc Web, ni dels Continguts o Serveis. El responsable de la web far\u00e0 tot el possible pel bon funcionament del Lloc Web, per\u00f2, no es responsabilitza ni garanteix que l \u201cacc\u00e9s a aquest Lloc Web no hagi de ser ininterromput o que estigui lliure d\u201d error. <\/p><p>El responsable tampoc es responsabilitza o garanteix que el contingut o programari al qual pugui accedir-se a trav\u00e9s d&#8217;aquest Lloc Web, estigui lliure d&#8217;error o causi un dany al sistema inform\u00e0tic (programari i maquinari) de l&#8217;Usuari. En cap cas ser\u00e0 responsable per les p\u00e8rdues, danys o perjudicis de qualsevol tipus que sorgeixin per l&#8217;acc\u00e9s, navegaci\u00f3 i l&#8217;\u00fas del Lloc Web, incloent-se, per\u00f2 no limitant-se, als ocasionats als sistemes inform\u00e0tics o els provocats per la introducci\u00f3 de virus. <\/p><p>Tampoc es fa responsable dels danys que poguessin ocasionar-se als usuaris per un \u00fas inadequat d&#8217;aquest Lloc Web. En particular, no es fa responsable de cap manera de les caigudes, interrupcions, falta o defecte de les telecomunicacions que poguessin oc\u00f3rrer. <\/p><h3>IV. POL\u00cdTICA D&#8217; ENLLA\u00c7OS <\/h3><p>El responsable no ofereix ni comercialitza per si ni per mitj\u00e0 de tercers els productes i\/o serveis disponibles en aquests llocs enlla\u00e7ats.<\/p><p>L&#8217;Usuari o tercer que realitzi un hipervincle des d&#8217;una p\u00e0gina web d&#8217;un altre, diferent, lloc web al Lloc Web de saber que:<\/p><p>No es permet la reproducci\u00f3 \u2014totalment o parcialment\u2014 de cap dels Continguts i\/o Serveis del Lloc Web sense autoritzaci\u00f3 expressa de la titular.<\/p><p>No es permet tampoc cap manifestaci\u00f3 falsa, inexacta o incorrecta sobre el Lloc Web de la titular, ni sobre els Continguts i\/o Serveis d&#8217;aquest.<\/p><h3>V. PROPIETAT INTEL\u00b7LECTUAL I INDUSTRIAL<\/h3><p>Per si mateix o com a part cession\u00e0ria, \u00e9s titular de tots els drets de propietat intel\u00b7lectual i industrial del Lloc Web, aix\u00ed com dels elements continguts en el mateix (a t\u00edtol enunciatiu i no exhaustiu, imatges, so, \u00e0udio, v\u00eddeo, programari o textos, marques o logotips, combinacions de colors, estructura i disseny, selecci\u00f3 de materials usats, programes d \u201cordinador necessaris per al seu funcionament,  acc\u00e9s i \u00fas, etc.). Seran, per tant, obres protegides com a propietat intel\u00b7lectual per l\u201d ordenament jur\u00eddic espanyol, sent-los aplicables tant la normativa espanyola i comunit\u00e0ria en aquest camp, com els tractats internacionals relatius a la mat\u00e8ria i subscrits per Espanya. <\/p><p>Tots els drets reservats. En virtut del que disposa la Llei de Propietat Intel\u00b7lectual, queden expressament prohibides la reproducci\u00f3, la distribuci\u00f3 i la comunicaci\u00f3 p\u00fablica, inclosa la seva modalitat de posada a disposici\u00f3, de la totalitat o part dels continguts d \u201caquesta p\u00e0gina web, amb finalitats comercials, en qualsevol suport i per qualsevol mitj\u00e0 t\u00e8cnic, sense l\u201d autoritzaci\u00f3 de la titular. <\/p><p>L \u201cUsuari es compromet a respectar els drets de propietat intel\u00b7lectual i industrial de la titular. Podr\u00e0 visualitzar els elements del Lloc Web o fins i tot imprimir-los, copiar-los i emmagatzemar-los en el disc dur del seu ordinador o en qualsevol altre suport f\u00edsic sempre que sigui, exclusivament, per al seu \u00fas personal. L\u201d Usuari, per\u00f2, no podr\u00e0 suprimir, alterar, o manipular qualsevol dispositiu de protecci\u00f3 o sistema de seguretat que estigu\u00e9s instal\u00b7lat al Lloc Web.  <\/p><p>En cas que l&#8217;Usuari o tercer consideri que qualsevol dels Continguts del Lloc Web suposi una violaci\u00f3 dels drets de protecci\u00f3 de la propietat intel\u00b7lectual, haur\u00e0 de comunicar-ho immediatament a trav\u00e9s de les dades de contacte de l&#8217;apartat d&#8217;INFORMACI\u00d3 GENERAL d&#8217;aquest Av\u00eds Legal i Condicions Generals d&#8217;\u00das.<\/p><h3>VI. ACCIONS LEGALS, LEGISLACI\u00d3 APLICABLE I JURISDICCI\u00d3 <\/h3><p>EL responsable del lloc web es reserva la facultat de presentar les accions civils o penals que consideri necess\u00e0ries per la utilitzaci\u00f3 indeguda del Lloc Web i Continguts, o per l&#8217;incompliment de les presents Condicions.<\/p><p>La relaci\u00f3 entre l \u201cUsuari i el responsable es regir\u00e0 per la normativa vigent i d\u201d aplicaci\u00f3 al territori espanyol. De sorgir qualsevol controv\u00e8rsia en relaci\u00f3 amb la interpretaci\u00f3 i\/o a l \u201caplicaci\u00f3 d\u201d aquestes Condicions les parts sotmetran els seus conflictes a la jurisdicci\u00f3 ordin\u00e0ria sotmetent-se als jutges i tribunals que corresponguin conforme a dret. <\/p>\t\t\t\t\t\t\t\t<\/div>\n\t\t\t\t<\/div>\n\t\t\t\t\t<\/div>\n\t\t\t\t<\/div>\n\t\t\t\t<\/div>\n\t\t","protected":false},"excerpt":{"rendered":"<p>Av\u00eds legal i condicions generals d&#8217; \u00fas I. INFORMACI\u00d3 GENERAL En compliment amb el deure d \u201cinformaci\u00f3 disposat en la Llei 34\/2002 de Serveis de la Societat de la Informaci\u00f3 i el Comer\u00e7 Electr\u00f2nic (LSSI-CE) d\u201d 11 de juliol, es faciliten a continuaci\u00f3 les seg\u00fcents dades d \u201cinformaci\u00f3 general d\u201d aquest lloc web: La titularitat [&hellip;]<\/p>\n","protected":false},"author":1,"featured_media":0,"parent":0,"menu_order":0,"comment_status":"closed","ping_status":"closed","template":"","meta":{"footnotes":""},"class_list":["post-1815","page","type-page","status-publish","hentry"],"yoast_head":"<!-- This site is optimized with the Yoast SEO plugin v27.3 - https:\/\/yoast.com\/product\/yoast-seo-wordpress\/ -->\n<title>Av\u00eds Legal &#8226; Andr\u00e9s D\u00edez, Psic\u00f2leg Esportiu<\/title>\n<meta name=\"description\" content=\"Consulta aqu\u00ed l \u201cav\u00eds legal i condicions d\u201d \u00fas del lloc web: propietat intel\u00b7lectual, \u00fas responsable i dades del titular.\" \/>\n<meta name=\"robots\" content=\"noindex, follow\" \/>\n<meta property=\"og:locale\" content=\"ca_ES\" \/>\n<meta property=\"og:type\" content=\"article\" \/>\n<meta property=\"og:title\" content=\"Av\u00eds Legal &#8226; Andr\u00e9s D\u00edez, Psic\u00f2leg Esportiu\" \/>\n<meta property=\"og:description\" content=\"Consulta aqu\u00ed l \u201cav\u00eds legal i condicions d\u201d \u00fas del lloc web: propietat intel\u00b7lectual, \u00fas responsable i dades del titular.\" \/>\n<meta property=\"og:url\" content=\"https:\/\/www.andresdiez.com\/ca\/avis-legal\/\" \/>\n<meta property=\"og:site_name\" content=\"Andr\u00e9s D\u00edez\" \/>\n<meta property=\"article:modified_time\" content=\"2025-06-13T16:27:15+00:00\" \/>\n<meta property=\"og:image\" content=\"https:\/\/www.andresdiez.com\/wp-content\/uploads\/2025\/06\/portada-andresdiez.jpg\" \/>\n\t<meta property=\"og:image:width\" content=\"1200\" \/>\n\t<meta property=\"og:image:height\" content=\"675\" \/>\n\t<meta property=\"og:image:type\" content=\"image\/jpeg\" \/>\n<meta name=\"twitter:card\" content=\"summary_large_image\" \/>\n<meta name=\"twitter:label1\" content=\"Temps estimat de lectura\" \/>\n\t<meta name=\"twitter:data1\" content=\"6 minuts\" \/>\n<script type=\"application\/ld+json\" class=\"yoast-schema-graph\">{\"@context\":\"https:\\\/\\\/schema.org\",\"@graph\":[{\"@type\":\"WebPage\",\"@id\":\"https:\\\/\\\/www.andresdiez.com\\\/ca\\\/avis-legal\\\/\",\"url\":\"https:\\\/\\\/www.andresdiez.com\\\/ca\\\/avis-legal\\\/\",\"name\":\"Av\u00eds Legal &#8226; Andr\u00e9s D\u00edez, Psic\u00f2leg Esportiu\",\"isPartOf\":{\"@id\":\"https:\\\/\\\/www.andresdiez.com\\\/ca\\\/#website\"},\"datePublished\":\"2025-06-11T16:50:03+00:00\",\"dateModified\":\"2025-06-13T16:27:15+00:00\",\"description\":\"Consulta aqu\u00ed l \u201cav\u00eds legal i condicions d\u201d \u00fas del lloc web: propietat intel\u00b7lectual, \u00fas responsable i dades del titular.\",\"breadcrumb\":{\"@id\":\"https:\\\/\\\/www.andresdiez.com\\\/ca\\\/avis-legal\\\/#breadcrumb\"},\"inLanguage\":\"ca\",\"potentialAction\":[{\"@type\":\"ReadAction\",\"target\":[\"https:\\\/\\\/www.andresdiez.com\\\/ca\\\/avis-legal\\\/\"]}]},{\"@type\":\"BreadcrumbList\",\"@id\":\"https:\\\/\\\/www.andresdiez.com\\\/ca\\\/avis-legal\\\/#breadcrumb\",\"itemListElement\":[{\"@type\":\"ListItem\",\"position\":1,\"name\":\"Portada\",\"item\":\"https:\\\/\\\/www.andresdiez.com\\\/ca\\\/\"},{\"@type\":\"ListItem\",\"position\":2,\"name\":\"Av\u00eds Legal\"}]},{\"@type\":\"WebSite\",\"@id\":\"https:\\\/\\\/www.andresdiez.com\\\/ca\\\/#website\",\"url\":\"https:\\\/\\\/www.andresdiez.com\\\/ca\\\/\",\"name\":\"Andr\u00e9s D\u00edez\",\"description\":\"Psic\u00f3logo Deportivo\",\"publisher\":{\"@id\":\"https:\\\/\\\/www.andresdiez.com\\\/ca\\\/#\\\/schema\\\/person\\\/c06923caa3cece873b5415b54fbab9a6\"},\"potentialAction\":[{\"@type\":\"SearchAction\",\"target\":{\"@type\":\"EntryPoint\",\"urlTemplate\":\"https:\\\/\\\/www.andresdiez.com\\\/ca\\\/?s={search_term_string}\"},\"query-input\":{\"@type\":\"PropertyValueSpecification\",\"valueRequired\":true,\"valueName\":\"search_term_string\"}}],\"inLanguage\":\"ca\"},{\"@type\":[\"Person\",\"Organization\"],\"@id\":\"https:\\\/\\\/www.andresdiez.com\\\/ca\\\/#\\\/schema\\\/person\\\/c06923caa3cece873b5415b54fbab9a6\",\"name\":\"Andr\u00e9s D\u00edez\",\"image\":{\"@type\":\"ImageObject\",\"inLanguage\":\"ca\",\"@id\":\"https:\\\/\\\/www.andresdiez.com\\\/wp-content\\\/uploads\\\/2025\\\/05\\\/VERDE_P.png\",\"url\":\"https:\\\/\\\/www.andresdiez.com\\\/wp-content\\\/uploads\\\/2025\\\/05\\\/VERDE_P.png\",\"contentUrl\":\"https:\\\/\\\/www.andresdiez.com\\\/wp-content\\\/uploads\\\/2025\\\/05\\\/VERDE_P.png\",\"width\":432,\"height\":385,\"caption\":\"Andr\u00e9s D\u00edez\"},\"logo\":{\"@id\":\"https:\\\/\\\/www.andresdiez.com\\\/wp-content\\\/uploads\\\/2025\\\/05\\\/VERDE_P.png\"},\"sameAs\":[\"https:\\\/\\\/www.andresdiez.com\"]}]}<\/script>\n<!-- \/ Yoast SEO plugin. -->","yoast_head_json":{"title":"Av\u00eds Legal &#8226; Andr\u00e9s D\u00edez, Psic\u00f2leg Esportiu","description":"Consulta aqu\u00ed l \u201cav\u00eds legal i condicions d\u201d \u00fas del lloc web: propietat intel\u00b7lectual, \u00fas responsable i dades del titular.","robots":{"index":"noindex","follow":"follow"},"og_locale":"ca_ES","og_type":"article","og_title":"Av\u00eds Legal &#8226; Andr\u00e9s D\u00edez, Psic\u00f2leg Esportiu","og_description":"Consulta aqu\u00ed l \u201cav\u00eds legal i condicions d\u201d \u00fas del lloc web: propietat intel\u00b7lectual, \u00fas responsable i dades del titular.","og_url":"https:\/\/www.andresdiez.com\/ca\/avis-legal\/","og_site_name":"Andr\u00e9s D\u00edez","article_modified_time":"2025-06-13T16:27:15+00:00","og_image":[{"width":1200,"height":675,"url":"https:\/\/www.andresdiez.com\/wp-content\/uploads\/2025\/06\/portada-andresdiez.jpg","type":"image\/jpeg"}],"twitter_card":"summary_large_image","twitter_misc":{"Temps estimat de lectura":"6 minuts"},"schema":{"@context":"https:\/\/schema.org","@graph":[{"@type":"WebPage","@id":"https:\/\/www.andresdiez.com\/ca\/avis-legal\/","url":"https:\/\/www.andresdiez.com\/ca\/avis-legal\/","name":"Av\u00eds Legal &#8226; Andr\u00e9s D\u00edez, Psic\u00f2leg Esportiu","isPartOf":{"@id":"https:\/\/www.andresdiez.com\/ca\/#website"},"datePublished":"2025-06-11T16:50:03+00:00","dateModified":"2025-06-13T16:27:15+00:00","description":"Consulta aqu\u00ed l \u201cav\u00eds legal i condicions d\u201d \u00fas del lloc web: propietat intel\u00b7lectual, \u00fas responsable i dades del titular.","breadcrumb":{"@id":"https:\/\/www.andresdiez.com\/ca\/avis-legal\/#breadcrumb"},"inLanguage":"ca","potentialAction":[{"@type":"ReadAction","target":["https:\/\/www.andresdiez.com\/ca\/avis-legal\/"]}]},{"@type":"BreadcrumbList","@id":"https:\/\/www.andresdiez.com\/ca\/avis-legal\/#breadcrumb","itemListElement":[{"@type":"ListItem","position":1,"name":"Portada","item":"https:\/\/www.andresdiez.com\/ca\/"},{"@type":"ListItem","position":2,"name":"Av\u00eds Legal"}]},{"@type":"WebSite","@id":"https:\/\/www.andresdiez.com\/ca\/#website","url":"https:\/\/www.andresdiez.com\/ca\/","name":"Andr\u00e9s D\u00edez","description":"Psic\u00f3logo Deportivo","publisher":{"@id":"https:\/\/www.andresdiez.com\/ca\/#\/schema\/person\/c06923caa3cece873b5415b54fbab9a6"},"potentialAction":[{"@type":"SearchAction","target":{"@type":"EntryPoint","urlTemplate":"https:\/\/www.andresdiez.com\/ca\/?s={search_term_string}"},"query-input":{"@type":"PropertyValueSpecification","valueRequired":true,"valueName":"search_term_string"}}],"inLanguage":"ca"},{"@type":["Person","Organization"],"@id":"https:\/\/www.andresdiez.com\/ca\/#\/schema\/person\/c06923caa3cece873b5415b54fbab9a6","name":"Andr\u00e9s D\u00edez","image":{"@type":"ImageObject","inLanguage":"ca","@id":"https:\/\/www.andresdiez.com\/wp-content\/uploads\/2025\/05\/VERDE_P.png","url":"https:\/\/www.andresdiez.com\/wp-content\/uploads\/2025\/05\/VERDE_P.png","contentUrl":"https:\/\/www.andresdiez.com\/wp-content\/uploads\/2025\/05\/VERDE_P.png","width":432,"height":385,"caption":"Andr\u00e9s D\u00edez"},"logo":{"@id":"https:\/\/www.andresdiez.com\/wp-content\/uploads\/2025\/05\/VERDE_P.png"},"sameAs":["https:\/\/www.andresdiez.com"]}]}},"_links":{"self":[{"href":"https:\/\/www.andresdiez.com\/ca\/wp-json\/wp\/v2\/pages\/1815","targetHints":{"allow":["GET"]}}],"collection":[{"href":"https:\/\/www.andresdiez.com\/ca\/wp-json\/wp\/v2\/pages"}],"about":[{"href":"https:\/\/www.andresdiez.com\/ca\/wp-json\/wp\/v2\/types\/page"}],"author":[{"embeddable":true,"href":"https:\/\/www.andresdiez.com\/ca\/wp-json\/wp\/v2\/users\/1"}],"replies":[{"embeddable":true,"href":"https:\/\/www.andresdiez.com\/ca\/wp-json\/wp\/v2\/comments?post=1815"}],"version-history":[{"count":0,"href":"https:\/\/www.andresdiez.com\/ca\/wp-json\/wp\/v2\/pages\/1815\/revisions"}],"wp:attachment":[{"href":"https:\/\/www.andresdiez.com\/ca\/wp-json\/wp\/v2\/media?parent=1815"}],"curies":[{"name":"wp","href":"https:\/\/api.w.org\/{rel}","templated":true}]}}