{"id":1819,"date":"2025-06-11T18:55:03","date_gmt":"2025-06-11T16:55:03","guid":{"rendered":"https:\/\/www.andresdiez.com\/politica-de-privacitat\/"},"modified":"2025-06-13T18:27:15","modified_gmt":"2025-06-13T16:27:15","slug":"politica-de-privacitat","status":"publish","type":"page","link":"https:\/\/www.andresdiez.com\/ca\/politica-de-privacitat\/","title":{"rendered":"Pol\u00edtica de Privacitat"},"content":{"rendered":"\t\t<div data-elementor-type=\"wp-page\" data-elementor-id=\"1819\" class=\"elementor elementor-1819 elementor-1492\" data-elementor-post-type=\"page\">\n\t\t\t\t<div class=\"elementor-element elementor-element-1b60e50f e-flex e-con-boxed e-con e-parent\" data-id=\"1b60e50f\" data-element_type=\"container\" data-e-type=\"container\" data-settings=\"{&quot;background_background&quot;:&quot;classic&quot;,&quot;shape_divider_bottom&quot;:&quot;split&quot;,&quot;jet_parallax_layout_list&quot;:[]}\">\n\t\t\t\t\t<div class=\"e-con-inner\">\n\t\t\t\t<div class=\"elementor-shape elementor-shape-bottom\" aria-hidden=\"true\" data-negative=\"false\">\n\t\t\t<svg xmlns=\"http:\/\/www.w3.org\/2000\/svg\" viewBox=\"0 0 1000 20\" preserveAspectRatio=\"none\">\n\t<path class=\"elementor-shape-fill\" d=\"M0,0v3c0,0,393.8,0,483.4,0c9.2,0,16.6,7.4,16.6,16.6c0-9.1,7.4-16.6,16.6-16.6C606.2,3,1000,3,1000,3V0H0z\"\/>\n<\/svg>\t\t<\/div>\n\t\t\t\t<div class=\"elementor-element elementor-element-5e9fb63 elementor-widget elementor-widget-heading\" data-id=\"5e9fb63\" data-element_type=\"widget\" data-e-type=\"widget\" data-widget_type=\"heading.default\">\n\t\t\t\t<div class=\"elementor-widget-container\">\n\t\t\t\t\t<h1 class=\"elementor-heading-title elementor-size-default\">Pol\u00edtica de privacitat i condicions generals d' \u00fas<\/h1>\t\t\t\t<\/div>\n\t\t\t\t<\/div>\n\t\t\t\t\t<\/div>\n\t\t\t\t<\/div>\n\t\t<div class=\"elementor-element elementor-element-760e52df e-flex e-con-boxed e-con e-parent\" data-id=\"760e52df\" data-element_type=\"container\" data-e-type=\"container\" data-settings=\"{&quot;jet_parallax_layout_list&quot;:[]}\">\n\t\t\t\t\t<div class=\"e-con-inner\">\n\t\t\t\t<div class=\"elementor-element elementor-element-a1f1c5a elementor-widget elementor-widget-text-editor\" data-id=\"a1f1c5a\" data-element_type=\"widget\" data-e-type=\"widget\" data-widget_type=\"text-editor.default\">\n\t\t\t\t<div class=\"elementor-widget-container\">\n\t\t\t\t\t\t\t\t\t<p>Respectant el que estableix la legislaci\u00f3 vigent <strong>andresdiez.com<\/strong>, (en endavant, tamb\u00e9 Lloc Web) es compromet a adoptar les mesures t\u00e8cniques i organitzatives necess\u00e0ries, segons el nivell de seguretat adequat al risc de les dades recollides.<\/p><p><strong>LLEIS QUE INCORPORA AQUESTA POL\u00cdTICA DE PRIVACITAT<\/strong><\/p><p>Aquesta pol\u00edtica de privacitat est\u00e0 adaptada a la normativa espanyola i europea vigent en mat\u00e8ria de protecci\u00f3 de dades personals a internet. En concret, aquesta respecta les normes seg\u00fcents: <\/p><p>El Reglament (UE) 2016\/679 del Parlament Europeu i del Consell, de 27 d \u201cabril de 2016, relatiu a la protecci\u00f3 de les persones f\u00edsiques pel que fa al tractament de dades personals i a la lliure circulaci\u00f3 d\u201d aquestes dades (RGPD).<\/p><p>La Llei Org\u00e0nica 3\/2018, de 5 de desembre, de Protecci\u00f3 de Dades Personals i garantia dels drets digitals (LOPD-GDD).<\/p><p>El Reial decret 1720\/2007, de 21 de desembre, pel qual s&#8217;aprova el Reglament de desenvolupament de la Llei Org\u00e0nica 15\/1999, de 13 de desembre, de Protecci\u00f3 de Dades de Car\u00e0cter Personal (RDLOPD).<\/p><p>La Llei 34\/2002, d&#8217;11 de juliol, de Serveis de la Societat de la Informaci\u00f3 i de Comer\u00e7 Electr\u00f2nic (LSSI-CE).<\/p><p><strong>IDENTITAT DEL RESPONSABLE DEL TRACTAMENT DE LES DADES PERSONALS<\/strong><\/p><p>Nom i cognoms: ANDR\u00c9S D\u00cdEZ MORENO \u2013 PSIC\u00d2LEG COL. N\u00ba G-28223-COPC <\/p><p>Adre\u00e7a: C\/ OVIDI MONTLLOR MENGUAL N\u00ba 5, ESC. B 1r 1a 17310 LLORET DE MAR (Girona) <\/p><p>Tel\u00e8fon: 664043510<\/p><p>Correu electr\u00f2nic: andres@andrediez.com<\/p><h4><strong>INFORMACI\u00d3 DE PROTECCI\u00d3 DE DADES DE CAR\u00c0CTER PERSONAL<\/strong><\/h4><p>En compliment del que estableix el RGPD i la LOPD-GDD, l&#8217;informem que les dades personals recaptades per <strong>www.andresdiez.com<\/strong> , mitjan\u00e7ant els formularis a les seves p\u00e0gines quedaran incorporades i seran tractades al nostre fitxer per tal de poder facilitar, agilitar i complir els compromisos establerts entre i l&#8217;Usuari o el manteniment de la relaci\u00f3 que s&#8217;estableixi en els formularis que aquest empleni,  o per atendre una sol\u00b7licitud o consulta del mateix. Aix\u00ed mateix, de conformitat amb el que preveu el RGPD i la LOPD-GDD, llevat que sigui d&#8217; aplicaci\u00f3 l&#8217; excepci\u00f3 prevista a l&#8217; article 30.5 del RGPD, es mant\u00e9 un registre d&#8217; activitats de tractament que especifica, segons les seves finalitats, les activitats de tractament dutes a terme i les altres circumst\u00e0ncies establertes al RGPD. <\/p><h4><strong>PRINCIPIS APLICABLES AL TRACTAMENT DE LES DADES PERSONALS<\/strong><\/h4><p>El tractament de les dades personals de l&#8217;Usuari se sotmetr\u00e0 als seg\u00fcents principis recollits a l&#8217;article 5 del RGPD i a l&#8217;article 4 i seg\u00fcents de la Llei Org\u00e0nica 3\/2018, de 5 de desembre, de Protecci\u00f3 de Dades Personals i garantia dels drets digitals:<\/p><p>Principi de licitud, lleialtat i transpar\u00e8ncia: es requerir\u00e0 en tot moment el consentiment de l&#8217; Usuari pr\u00e8via informaci\u00f3 completament transparent dels fins per als quals es recullen les dades personals.<\/p><p>Principi de limitaci\u00f3 de la finalitat: les dades personals seran recollides amb finalitats determinades, expl\u00edcites i leg\u00edtimes.<\/p><p>Principi de minimitzaci\u00f3 de dades: les dades personals recollides seran \u00fanicament les estrictament necess\u00e0ries en relaci\u00f3 amb les finalitats per a les quals s\u00f3n tractades.<\/p><p>Principi d&#8217; exactitud: les dades personals han de ser exactes i estar sempre actualitzades.<\/p><p>Principi de limitaci\u00f3 del termini de conservaci\u00f3: les dades personals nom\u00e9s seran mantingudes de manera que es permeti la identificaci\u00f3 de l&#8217; Usuari durant el temps necessari per a les finalitats del seu tractament.<\/p><p>Principi d&#8217; integritat i confidencialitat: les dades personals seran tractades de manera que es garanteixi la seva seguretat i confidencialitat.<\/p><p>Principi de responsabilitat proactiva: el responsable del tractament ser\u00e0 responsable d&#8217; assegurar que els principis anteriors es compleixen.<\/p><h4><strong>CATEGORIES DE DADES PERSONALS<\/strong><\/h4><p>Base legal per al tractament de les dades personals<\/p><p>La base legal per al tractament de les dades personals \u00e9s el consentiment. es compromet a recaptar el consentiment expr\u00e9s i verificable de l&#8217; Usuari per al tractament de les seves dades personals per a un o diversos fins espec\u00edfics. <\/p><p>L \u201cUsuari tindr\u00e0 dret a retirar el seu consentiment en qualsevol moment. Ser\u00e0 tan f\u00e0cil retirar el consentiment com donar-lo. Com a regla general, la retirada del consentiment no condicionar\u00e0 l\u201d \u00fas del Lloc Web.  <\/p><p>En les ocasions en qu\u00e8 l \u201cUsuari hagi o pugui facilitar les seves dades a trav\u00e9s de formularis per realitzar consultes, sol\u00b7licitar informaci\u00f3 o per motius relacionats amb el contingut del Lloc Web, se l\u201d informar\u00e0 en cas que l \u201cemplenament d\u201d algun d \u201cells sigui obligat\u00f2ria a causa que aquests siguin imprescindibles per al correcte desenvolupament de l\u201d operaci\u00f3 realitzada.<\/p><p>Fins del tractament a qu\u00e8 es destinen les dades personals<\/p><p>Les dades personals s\u00f3n recaptades i gestionades amb la finalitat de poder facilitar, agilitzar i complir els compromisos establerts entre el Lloc Web i l \u201cUsuari o el manteniment de la relaci\u00f3 que s\u201d estableixi en els formularis que aquest \u00faltim empleni o per atendre una sol\u00b7licitud o consulta.<\/p><p>En el moment en qu\u00e8 s \u201cobtinguin les dades personals, s\u201d informar\u00e0 l \u201cUsuari sobre la finalitat o finalitats espec\u00edfiques del tractament a qu\u00e8 es destinaran les dades personals; \u00e9s a dir, de l\u201d \u00fas o usos que es donar\u00e0 a la informaci\u00f3 recopilada.<\/p><h4><strong>PER\u00cdODES DE CONSERVACI\u00d3 DE LES DADES PERSONALS<\/strong><\/h4><p>Les dades personals nom\u00e9s seran conservades durant el temps m\u00ednim necessari per a les finalitats del seu tractament i, en tot cas, \u00fanicament durant el termini legal establert, o fins que l&#8217; Usuari demani la seva supressi\u00f3.<\/p><h4><strong>DESTINATARIS DE LES DADES PERSONALS<\/strong><\/h4><p>Les dades personals nom\u00e9s seran cedides a tercers en cas de ser necess\u00e0ries per a l \u201cexecuci\u00f3 de la prestaci\u00f3 del servei contractat o fabricaci\u00f3 i lliurament del producte, o en els casos per als quals s\u201d estigui habilitat legalment.<\/p><h4><strong>DADES PERSONALS DE MENORS D&#8217; EDAT<\/strong><\/h4><p>Respectant el que estableixen els articles 8 del RGPD i 7 de la Llei Org\u00e0nica 3\/2018, de 5 de desembre, de Protecci\u00f3 de Dades Personals i garantia dels drets digitals, nom\u00e9s els majors de 14 anys podran atorgar el seu consentiment per al tractament de les seves dades personals de forma l\u00edcita per <strong>www.andresdiez.com<\/strong> . Si es tracta d&#8217; un menor de 14 anys, ser\u00e0 necessari el consentiment dels pares o tutors per al tractament, i aquest nom\u00e9s es considerar\u00e0 l\u00edcit en la mesura que aquests ho hagin autoritzat.<\/p><h4><strong>SECRET I SEGURETAT DE LES DADES PERSONALS<\/strong><\/h4><p>Es compromet a adoptar les mesures t\u00e8cniques i organitzatives necess\u00e0ries, segons el nivell de seguretat adequat al risc de les dades recollides, de manera que es garanteixi la seguretat de les dades de car\u00e0cter personal i s \u201ceviti la destrucci\u00f3, p\u00e8rdua o alteraci\u00f3 accidental o il\u00b7l\u00edcita de dades personals transmeses, conservades o tractades d\u201d una altra manera,  o la comunicaci\u00f3 o acc\u00e9s no autoritzats a aquestes dades.<\/p><p>No obstant aix\u00f2, at\u00e8s que no pot garantir la inexpugnabilitat d \u201cinternet ni l\u201d abs\u00e8ncia total de hackers o altres que accedeixin de manera fraudulenta a les dades personals, el responsable del tractament es compromet a comunicar a l \u201cUsuari sense dilaci\u00f3 indeguda quan ocorri una violaci\u00f3 de la seguretat de les dades personals que sigui probable que comporti un alt risc per als drets i llibertats de les persones f\u00edsiques. Seguint el que estableix l\u201d article 4 del RGPD, s \u201cent\u00e9n per violaci\u00f3 de la seguretat de les dades personals tota violaci\u00f3 de la seguretat que ocasioni la destrucci\u00f3, p\u00e8rdua o alteraci\u00f3 accidental o il\u00b7l\u00edcita de dades personals transmeses, conservades o tractades d\u201d una altra manera, o la comunicaci\u00f3 o acc\u00e9s no autoritzats a aquestes dades. <\/p><p>Les dades personals seran tractades com a confidencials pel responsable del tractament, qui es compromet a informar de i a garantir per mitj\u00e0 d&#8217; una obligaci\u00f3 legal o contractual que aquesta confidencialitat sigui respectada pels seus empleats, associats, i tota persona a la qual li faci accessible la informaci\u00f3.<\/p><h4><strong>DRETS DERIVATS DEL TRACTAMENT DE LES DADES PERSONALS<\/strong><\/h4><p>L&#8217;Usuari podr\u00e0, per tant, exercir davant el responsable del tractament els seg\u00fcents drets reconeguts en el RGPD i la Llei Org\u00e0nica 3\/2018, de 5 de desembre, de Protecci\u00f3 de Dades Personals i garantia dels drets digitals:<\/p><p><em><strong>Dret d \u201cacc\u00e9s:<\/strong><\/em> \u00c9s el dret de l\u201d Usuari a obtenir confirmaci\u00f3 de si est\u00e0 tractant o no les seves dades personals i, en cas afirmatiu, obtenir informaci\u00f3 sobre les seves dades concretes de car\u00e0cter personal i del tractament que hagi realitzat o realitzi, aix\u00ed com, entre d \u201caltres, de la informaci\u00f3 disponible sobre l\u201d origen d \u201caquestes dades i els destinataris de les comunicacions realitzades o previstes d\u201d aquestes.<\/p><p><em><strong>Dret de rectificaci\u00f3:<\/strong><\/em> \u00c9s el dret de l&#8217; Usuari a qu\u00e8 es modifiquin les seves dades personals que resultin ser inexactes o, tenint en compte les finalitats del tractament, incompletes.<\/p><p><em><strong>Dret de supressi\u00f3 (\u00abel dret a l&#8217;oblit\u00bb):<\/strong><\/em>  \u00c9s el dret de l&#8217;Usuari, sempre que la legislaci\u00f3 vigent no estableixi el contrari, a obtenir la supressi\u00f3 de les seves dades personals quan aquestes ja no siguin necess\u00e0ries per a les finalitats per a les quals van ser recollides o tractades; l&#8217;Usuari hagi retirat el seu consentiment al tractament i aquest no compti amb una altra base legal; l&#8217;Usuari s&#8217;oposi al tractament i no hi hagi cap altre motiu leg\u00edtim per continuar-hi; les dades personals hagin estat tractades il\u00b7l\u00edcitament; les dades personals s&#8217;hagin de suprimir en compliment d&#8217;una obligaci\u00f3 legal; o les dades personals hagin estat obtingudes producte d&#8217; una oferta directa de serveis de la societat de la informaci\u00f3 a un menor de 14 anys. A m\u00e9s de suprimir les dades, el responsable del tractament, tenint en compte la tecnologia disponible i el cost de la seva aplicaci\u00f3, haur\u00e0 d&#8217;adoptar mesures raonables per informar els responsables que estiguin tractant les dades personals de la sol\u00b7licitud de l&#8217;interessat de supressi\u00f3 de qualsevol enlla\u00e7 a aquestes dades personals. <\/p><p><em><strong>Dret a la limitaci\u00f3 del tractament:<\/strong><\/em> \u00c9s el dret de l \u201cUsuari a limitar el tractament de les seves dades personals. L\u201d Usuari t\u00e9 dret a obtenir la limitaci\u00f3 del tractament quan impugni l \u201cexactitud de les seves dades personals; el tractament sigui il\u00b7l\u00edcit; el responsable del tractament ja no necessiti les dades personals, per\u00f2 l\u201d Usuari ho necessiti per fer reclamacions; i quan l \u201cUsuari s\u201d hagi oposat al tractament. <\/p><p><em><strong>Dret a la portabilitat de les dades:<\/strong><\/em> En cas que el tractament s \u201cefectu\u00ef per mitjans automatitzats, l\u201d Usuari tindr\u00e0 dret a rebre del responsable del tractament les seves dades personals en un format estructurat, d \u201c\u00fas com\u00fa i lectura mec\u00e0nica, i a transmetre\u201d ls a un altre responsable del tractament. Sempre que sigui t\u00e8cnicament possible, el responsable del tractament transmetr\u00e0 directament les dades a aquest altre responsable. <\/p><p><em><strong>Dret d&#8217; oposici\u00f3:<\/strong><\/em> \u00c9s el dret de l&#8217;Usuari que no es dugui a terme el tractament de les seves dades de car\u00e0cter personal o se&#8217;n cessi el tractament per part de <strong>www.andresdiez.com<\/strong><\/p><p><em><strong>Dret a no ser objecte d&#8217; una decisi\u00f3 basada \u00fanicament en el tractament automatitzat, inclosa l&#8217; elaboraci\u00f3 de perfils:<\/strong><\/em> \u00c9s el dret de l&#8217; Usuari a no ser objecte d&#8217; una decisi\u00f3 individualitzada basada \u00fanicament en el tractament automatitzat de les seves dades personals, inclosa l&#8217; elaboraci\u00f3 de perfils, existent llevat que la legislaci\u00f3 vigent estableixi el contrari.<\/p><p>Aix\u00ed doncs, l&#8217;Usuari podr\u00e0 exercitar els seus drets mitjan\u00e7ant comunicaci\u00f3 escrita dirigida al responsable del tractament amb la refer\u00e8ncia \u00abRGPD-\u00ab, especificant:<\/p><p><em>Nom, cognoms de l&#8217; Usuari&#8230; En els casos en qu\u00e8 s&#8217; admeti la representaci\u00f3, ser\u00e0 tamb\u00e9 necess\u00e0ria la identificaci\u00f3 pel mateix mitj\u00e0 de la persona que representa l&#8217; Usuari, aix\u00ed com el document acreditatiu de la representaci\u00f3.  <\/em><\/p><ul><li>Petici\u00f3 amb els motius espec\u00edfics de la sol\u00b7licitud o informaci\u00f3 a la qual es vol accedir.<\/li><li>Domicili a efecte de notificacions.<\/li><li>Data i signatura del sol\u00b7licitant.<\/li><li>Tot document que acrediti la petici\u00f3 que formula.<\/li><li>Aquesta sol\u00b7licitud i tot altre document adjunt es podr\u00e0 enviar a la seg\u00fcent adre\u00e7a i\/o correu electr\u00f2nic:<\/li><li>Adre\u00e7a postal:<\/li><li>Correu electr\u00f2nic:<\/li><\/ul><h4><strong> <\/strong><\/h4><h4><strong>ENLLA\u00c7OS A LLOCS WEB DE TERCERS<\/strong><\/h4><p>El Lloc Web pot incloure hipervincles o enlla\u00e7os que permeten accedir a p\u00e0gines web de tercers diferents de <strong>www.andresdiez.com<\/strong> Els titulars d&#8217;aquests llocs web disposaran de les seves pr\u00f2pies pol\u00edtiques de protecci\u00f3 de dades, sent ells mateixos, en cada cas, responsables dels seus propis fitxers i de les seves pr\u00f2pies pr\u00e0ctiques de privacitat.<\/p><h4><strong>RECLAMACIONS DAVANT L&#8217; AUTORITAT DE CONTROL<\/strong><\/h4><p>En cas que l&#8217; Usuari consideri que existeix un problema o infracci\u00f3 de la normativa vigent en la forma en qu\u00e8 s&#8217; estan tractant les seves dades personals, tindr\u00e0 dret a la tutela judicial efectiva i a presentar una reclamaci\u00f3 davant d&#8217; una autoritat de control, en particular, a l&#8217; Estat en el qual tingui la seva resid\u00e8ncia habitual,  lloc de treball o lloc de la suposada infracci\u00f3. En el cas d&#8217;Espanya, l&#8217;autoritat de control \u00e9s l&#8217;Ag\u00e8ncia Espanyola de Protecci\u00f3 de Dades (http:\/\/www.agpd.es). <\/p><h4><strong>II. ACCEPTACI\u00d3 I CANVIS EN AQUESTA POL\u00cdTICA DE <\/strong> <strong>PRIVACITAT<\/strong><\/h4><p>Cal que l \u201cUsuari hagi llegit i estigui conforme amb les condicions sobre la protecci\u00f3 de dades de car\u00e0cter personal contingudes en aquesta Pol\u00edtica de Privacitat, aix\u00ed com que accepti el tractament de les seves dades personals perqu\u00e8 el responsable del tractament pugui procedir al mateix en la forma, durant els terminis i per a les finalitats indicades. L\u201d \u00fas del Lloc Web implicar\u00e0 l \u201cacceptaci\u00f3 de la Pol\u00edtica de Privacitat d\u201d aquest. <\/p><p>El responsable del web es reserva el dret a modificar la seva Pol\u00edtica de Privacitat, d&#8217;acord amb el seu propi criteri, o motivat per un canvi legislatiu, jurisprudencial o doctrinal de l&#8217;Ag\u00e8ncia Espanyola de Protecci\u00f3 de Dades. Els canvis o actualitzacions d&#8217; aquesta Pol\u00edtica de Privacitat no seran notificats de forma expl\u00edcita a l&#8217; Usuari. Es recomana a l&#8217;Usuari consultar aquesta p\u00e0gina de forma peri\u00f2dica per estar al tant dels \u00faltims canvis o actualitzacions.  <\/p><p>Aquesta Pol\u00edtica de Privacitat va ser actualitzada per adaptar-se al Reglament (UE) 2016\/679 del Parlament Europeu i del Consell, de 27 d \u201cabril de 2016, relatiu a la protecci\u00f3 de les persones f\u00edsiques pel que fa al tractament de dades personals i a la lliure circulaci\u00f3 d\u201d aquestes dades (RGPD) i a la Llei Org\u00e0nica 3\/2018,  de 5 de desembre, de Protecci\u00f3 de Dades Personals i garantia dels drets digitals.<\/p>\t\t\t\t\t\t\t\t<\/div>\n\t\t\t\t<\/div>\n\t\t\t\t\t<\/div>\n\t\t\t\t<\/div>\n\t\t\t\t<\/div>\n\t\t","protected":false},"excerpt":{"rendered":"<p>Pol\u00edtica de privacitat i condicions generals d&#8217; \u00fas Respectant el que estableix la legislaci\u00f3 vigent andresdiez.com, (en endavant, tamb\u00e9 Lloc Web) es compromet a adoptar les mesures t\u00e8cniques i organitzatives necess\u00e0ries, segons el nivell de seguretat adequat al risc de les dades recollides. LLEIS QUE INCORPORA AQUESTA POL\u00cdTICA DE PRIVACITAT Aquesta pol\u00edtica de privacitat est\u00e0 [&hellip;]<\/p>\n","protected":false},"author":1,"featured_media":0,"parent":0,"menu_order":0,"comment_status":"closed","ping_status":"closed","template":"","meta":{"footnotes":""},"class_list":["post-1819","page","type-page","status-publish","hentry"],"yoast_head":"<!-- This site is optimized with the Yoast SEO plugin v27.3 - https:\/\/yoast.com\/product\/yoast-seo-wordpress\/ -->\n<title>Pol\u00edtica de Privacitat &#8226; Andr\u00e9s D\u00edez, Psic\u00f2leg Esportiu<\/title>\n<meta name=\"description\" content=\"Consulta la nostra pol\u00edtica de privacitat per con\u00e8ixer com tractem i protegim les teves dades personals en aquest lloc web conforme al RGPD.\" \/>\n<meta name=\"robots\" content=\"noindex, follow\" \/>\n<meta property=\"og:locale\" content=\"ca_ES\" \/>\n<meta property=\"og:type\" content=\"article\" \/>\n<meta property=\"og:title\" content=\"Pol\u00edtica de Privacitat &#8226; Andr\u00e9s D\u00edez, Psic\u00f2leg Esportiu\" \/>\n<meta property=\"og:description\" content=\"Consulta la nostra pol\u00edtica de privacitat per con\u00e8ixer com tractem i protegim les teves dades personals en aquest lloc web conforme al RGPD.\" \/>\n<meta property=\"og:url\" content=\"https:\/\/www.andresdiez.com\/ca\/politica-de-privacitat\/\" \/>\n<meta property=\"og:site_name\" content=\"Andr\u00e9s D\u00edez\" \/>\n<meta property=\"article:modified_time\" content=\"2025-06-13T16:27:15+00:00\" \/>\n<meta property=\"og:image\" content=\"https:\/\/www.andresdiez.com\/wp-content\/uploads\/2025\/06\/portada-andresdiez.jpg\" \/>\n\t<meta property=\"og:image:width\" content=\"1200\" \/>\n\t<meta property=\"og:image:height\" content=\"675\" \/>\n\t<meta property=\"og:image:type\" content=\"image\/jpeg\" \/>\n<meta name=\"twitter:card\" content=\"summary_large_image\" \/>\n<meta name=\"twitter:label1\" content=\"Temps estimat de lectura\" \/>\n\t<meta name=\"twitter:data1\" content=\"12 minuts\" \/>\n<script type=\"application\/ld+json\" class=\"yoast-schema-graph\">{\"@context\":\"https:\\\/\\\/schema.org\",\"@graph\":[{\"@type\":\"WebPage\",\"@id\":\"https:\\\/\\\/www.andresdiez.com\\\/ca\\\/politica-de-privacitat\\\/\",\"url\":\"https:\\\/\\\/www.andresdiez.com\\\/ca\\\/politica-de-privacitat\\\/\",\"name\":\"Pol\u00edtica de Privacitat &#8226; Andr\u00e9s D\u00edez, Psic\u00f2leg Esportiu\",\"isPartOf\":{\"@id\":\"https:\\\/\\\/www.andresdiez.com\\\/ca\\\/#website\"},\"datePublished\":\"2025-06-11T16:55:03+00:00\",\"dateModified\":\"2025-06-13T16:27:15+00:00\",\"description\":\"Consulta la nostra pol\u00edtica de privacitat per con\u00e8ixer com tractem i protegim les teves dades personals en aquest lloc web conforme al RGPD.\",\"breadcrumb\":{\"@id\":\"https:\\\/\\\/www.andresdiez.com\\\/ca\\\/politica-de-privacitat\\\/#breadcrumb\"},\"inLanguage\":\"ca\",\"potentialAction\":[{\"@type\":\"ReadAction\",\"target\":[\"https:\\\/\\\/www.andresdiez.com\\\/ca\\\/politica-de-privacitat\\\/\"]}]},{\"@type\":\"BreadcrumbList\",\"@id\":\"https:\\\/\\\/www.andresdiez.com\\\/ca\\\/politica-de-privacitat\\\/#breadcrumb\",\"itemListElement\":[{\"@type\":\"ListItem\",\"position\":1,\"name\":\"Portada\",\"item\":\"https:\\\/\\\/www.andresdiez.com\\\/ca\\\/\"},{\"@type\":\"ListItem\",\"position\":2,\"name\":\"Pol\u00edtica de Privacitat\"}]},{\"@type\":\"WebSite\",\"@id\":\"https:\\\/\\\/www.andresdiez.com\\\/ca\\\/#website\",\"url\":\"https:\\\/\\\/www.andresdiez.com\\\/ca\\\/\",\"name\":\"Andr\u00e9s D\u00edez\",\"description\":\"Psic\u00f3logo Deportivo\",\"publisher\":{\"@id\":\"https:\\\/\\\/www.andresdiez.com\\\/ca\\\/#\\\/schema\\\/person\\\/c06923caa3cece873b5415b54fbab9a6\"},\"potentialAction\":[{\"@type\":\"SearchAction\",\"target\":{\"@type\":\"EntryPoint\",\"urlTemplate\":\"https:\\\/\\\/www.andresdiez.com\\\/ca\\\/?s={search_term_string}\"},\"query-input\":{\"@type\":\"PropertyValueSpecification\",\"valueRequired\":true,\"valueName\":\"search_term_string\"}}],\"inLanguage\":\"ca\"},{\"@type\":[\"Person\",\"Organization\"],\"@id\":\"https:\\\/\\\/www.andresdiez.com\\\/ca\\\/#\\\/schema\\\/person\\\/c06923caa3cece873b5415b54fbab9a6\",\"name\":\"Andr\u00e9s D\u00edez\",\"image\":{\"@type\":\"ImageObject\",\"inLanguage\":\"ca\",\"@id\":\"https:\\\/\\\/www.andresdiez.com\\\/wp-content\\\/uploads\\\/2025\\\/05\\\/VERDE_P.png\",\"url\":\"https:\\\/\\\/www.andresdiez.com\\\/wp-content\\\/uploads\\\/2025\\\/05\\\/VERDE_P.png\",\"contentUrl\":\"https:\\\/\\\/www.andresdiez.com\\\/wp-content\\\/uploads\\\/2025\\\/05\\\/VERDE_P.png\",\"width\":432,\"height\":385,\"caption\":\"Andr\u00e9s D\u00edez\"},\"logo\":{\"@id\":\"https:\\\/\\\/www.andresdiez.com\\\/wp-content\\\/uploads\\\/2025\\\/05\\\/VERDE_P.png\"},\"sameAs\":[\"https:\\\/\\\/www.andresdiez.com\"]}]}<\/script>\n<!-- \/ Yoast SEO plugin. -->","yoast_head_json":{"title":"Pol\u00edtica de Privacitat &#8226; Andr\u00e9s D\u00edez, Psic\u00f2leg Esportiu","description":"Consulta la nostra pol\u00edtica de privacitat per con\u00e8ixer com tractem i protegim les teves dades personals en aquest lloc web conforme al RGPD.","robots":{"index":"noindex","follow":"follow"},"og_locale":"ca_ES","og_type":"article","og_title":"Pol\u00edtica de Privacitat &#8226; Andr\u00e9s D\u00edez, Psic\u00f2leg Esportiu","og_description":"Consulta la nostra pol\u00edtica de privacitat per con\u00e8ixer com tractem i protegim les teves dades personals en aquest lloc web conforme al RGPD.","og_url":"https:\/\/www.andresdiez.com\/ca\/politica-de-privacitat\/","og_site_name":"Andr\u00e9s D\u00edez","article_modified_time":"2025-06-13T16:27:15+00:00","og_image":[{"width":1200,"height":675,"url":"https:\/\/www.andresdiez.com\/wp-content\/uploads\/2025\/06\/portada-andresdiez.jpg","type":"image\/jpeg"}],"twitter_card":"summary_large_image","twitter_misc":{"Temps estimat de lectura":"12 minuts"},"schema":{"@context":"https:\/\/schema.org","@graph":[{"@type":"WebPage","@id":"https:\/\/www.andresdiez.com\/ca\/politica-de-privacitat\/","url":"https:\/\/www.andresdiez.com\/ca\/politica-de-privacitat\/","name":"Pol\u00edtica de Privacitat &#8226; Andr\u00e9s D\u00edez, Psic\u00f2leg Esportiu","isPartOf":{"@id":"https:\/\/www.andresdiez.com\/ca\/#website"},"datePublished":"2025-06-11T16:55:03+00:00","dateModified":"2025-06-13T16:27:15+00:00","description":"Consulta la nostra pol\u00edtica de privacitat per con\u00e8ixer com tractem i protegim les teves dades personals en aquest lloc web conforme al RGPD.","breadcrumb":{"@id":"https:\/\/www.andresdiez.com\/ca\/politica-de-privacitat\/#breadcrumb"},"inLanguage":"ca","potentialAction":[{"@type":"ReadAction","target":["https:\/\/www.andresdiez.com\/ca\/politica-de-privacitat\/"]}]},{"@type":"BreadcrumbList","@id":"https:\/\/www.andresdiez.com\/ca\/politica-de-privacitat\/#breadcrumb","itemListElement":[{"@type":"ListItem","position":1,"name":"Portada","item":"https:\/\/www.andresdiez.com\/ca\/"},{"@type":"ListItem","position":2,"name":"Pol\u00edtica de Privacitat"}]},{"@type":"WebSite","@id":"https:\/\/www.andresdiez.com\/ca\/#website","url":"https:\/\/www.andresdiez.com\/ca\/","name":"Andr\u00e9s D\u00edez","description":"Psic\u00f3logo Deportivo","publisher":{"@id":"https:\/\/www.andresdiez.com\/ca\/#\/schema\/person\/c06923caa3cece873b5415b54fbab9a6"},"potentialAction":[{"@type":"SearchAction","target":{"@type":"EntryPoint","urlTemplate":"https:\/\/www.andresdiez.com\/ca\/?s={search_term_string}"},"query-input":{"@type":"PropertyValueSpecification","valueRequired":true,"valueName":"search_term_string"}}],"inLanguage":"ca"},{"@type":["Person","Organization"],"@id":"https:\/\/www.andresdiez.com\/ca\/#\/schema\/person\/c06923caa3cece873b5415b54fbab9a6","name":"Andr\u00e9s D\u00edez","image":{"@type":"ImageObject","inLanguage":"ca","@id":"https:\/\/www.andresdiez.com\/wp-content\/uploads\/2025\/05\/VERDE_P.png","url":"https:\/\/www.andresdiez.com\/wp-content\/uploads\/2025\/05\/VERDE_P.png","contentUrl":"https:\/\/www.andresdiez.com\/wp-content\/uploads\/2025\/05\/VERDE_P.png","width":432,"height":385,"caption":"Andr\u00e9s D\u00edez"},"logo":{"@id":"https:\/\/www.andresdiez.com\/wp-content\/uploads\/2025\/05\/VERDE_P.png"},"sameAs":["https:\/\/www.andresdiez.com"]}]}},"_links":{"self":[{"href":"https:\/\/www.andresdiez.com\/ca\/wp-json\/wp\/v2\/pages\/1819","targetHints":{"allow":["GET"]}}],"collection":[{"href":"https:\/\/www.andresdiez.com\/ca\/wp-json\/wp\/v2\/pages"}],"about":[{"href":"https:\/\/www.andresdiez.com\/ca\/wp-json\/wp\/v2\/types\/page"}],"author":[{"embeddable":true,"href":"https:\/\/www.andresdiez.com\/ca\/wp-json\/wp\/v2\/users\/1"}],"replies":[{"embeddable":true,"href":"https:\/\/www.andresdiez.com\/ca\/wp-json\/wp\/v2\/comments?post=1819"}],"version-history":[{"count":0,"href":"https:\/\/www.andresdiez.com\/ca\/wp-json\/wp\/v2\/pages\/1819\/revisions"}],"wp:attachment":[{"href":"https:\/\/www.andresdiez.com\/ca\/wp-json\/wp\/v2\/media?parent=1819"}],"curies":[{"name":"wp","href":"https:\/\/api.w.org\/{rel}","templated":true}]}}